{"id":8,"date":"2015-04-06T09:03:29","date_gmt":"2015-04-06T08:03:29","guid":{"rendered":"http:\/\/www.terres-et-seigneurs-en-donziais.fr\/?page_id=8"},"modified":"2023-01-05T18:34:59","modified_gmt":"2023-01-05T17:34:59","slug":"accueil","status":"publish","type":"page","link":"http:\/\/www.terres-et-seigneurs-en-donziais.fr\/?page_id=8","title":{"rendered":"A PROPOS DU SITE&#8230;"},"content":{"rendered":"<p style=\"text-align: center;\"><em><span style=\"color: #0000ff;\">(Illustration : <\/span><a href=\"http:\/\/www.musee-orsay.fr\/fr\/collections\/oeuvres-commentees\/recherche\/commentaire\/commentaire_id\/labourage-nivernais-31.html?no_cache=1&amp;cHash=1eb846396a\"><span style=\"color: #0000ff;\">\u00ab\u00a0Le labour nivernais\u00a0\u00bb par Rosa Bonheur, 1889, Mus\u00e9e d&rsquo;Orsay<\/span><\/a><span style=\"color: #0000ff;\">)<\/span><\/em><\/p>\n<p>__________________________<\/p>\n<p style=\"text-align: justify;\"><span style=\"color: #008000;\"><strong><em><span style=\"font-size: 18px;\"><span style=\"font-family: arial,helvetica,sans-serif;\">Bonjour, et bienvenue sur ce site. J&rsquo;esp\u00e9re qu&rsquo;il vous int\u00e9ressera et que vous y apporterez votre contribution&#8230;<\/span><\/span><\/em><\/strong><\/span><\/p>\n<p style=\"text-align: justify;\"><span style=\"font-size: 16px;\"><span style=\"font-family: arial,helvetica,sans-serif;\">En retraite apr\u00e8s une longue carri\u00e8re administrative, j&rsquo;ai ouvert ce blog en octobre 2015. Je suis passionn\u00e9 d&rsquo;histoire\u00a0m\u00e9di\u00e9vale, familier de la r\u00e9gion de Donzy d&rsquo;o\u00f9 une partie de ma famille est originaire, et int\u00e9ress\u00e9 par la g\u00e9n\u00e9alogie ancienne. J&rsquo;alimente le blog et je le g\u00e8re seul, avec le concours de certains visiteurs eux aussi passionn\u00e9s.<\/span><\/span><\/p>\n<p style=\"text-align: justify;\"><a href=\"http:\/\/www.terres-et-seigneurs-en-donziais.fr\/wp-content\/uploads\/2018\/12\/IMG_5341-e1545917025372.jpg\"><img decoding=\"async\" loading=\"lazy\" class=\"size-medium wp-image-5891 aligncenter\" src=\"http:\/\/www.terres-et-seigneurs-en-donziais.fr\/wp-content\/uploads\/2018\/12\/IMG_5341-e1545916986100-240x300.jpg\" alt=\"\" width=\"240\" height=\"300\" \/><\/a><\/p>\n<p style=\"text-align: justify;\"><span style=\"font-size: 16px;\"><span style=\"font-family: arial,helvetica,sans-serif;\">Il est enti\u00e8rement gratuit\u00a0et ne contient aucune publicit\u00e9.\u00a0<\/span><\/span><\/p>\n<p style=\"text-align: justify;\"><span style=\"font-size: 16px;\"><span style=\"font-family: arial,helvetica,sans-serif;\">Il pr\u00e9sente, pour les faire partager et les enrichir, les r\u00e9sultats de mes recherches personnelles sur l&rsquo;histoire du Donziais, de ses fiefs, ch\u00e2teaux et seigneurs, de ses abbayes aussi, dans leur environnement f\u00e9odal et leur contexte historique. Il est \u00e9tay\u00e9 par une biblioth\u00e8que assez importante, par des recherches documentaires approfondies, et par une connaissance ancienne et intime du terroir concern\u00e9. Il s&rsquo;enrichit gr\u00e2ce aux contributions de ses visiteurs.<\/span><\/span><\/p>\n<p style=\"text-align: justify;\"><strong><span style=\"font-size: 16px;\"><span style=\"font-family: arial,helvetica,sans-serif;\">Quelques indications pour vous y retrouver :<\/span><\/span><\/strong><\/p>\n<p style=\"text-align: justify;\"><u><strong><span style=\"font-size: 16px;\"><span style=\"font-family: arial,helvetica,sans-serif;\">1 &#8211; Organisation<\/span><\/span><\/strong><\/u><\/p>\n<p style=\"text-align: justify;\"><span style=\"font-size: 16px;\"><span style=\"font-family: arial,helvetica,sans-serif;\">Le site propose des <strong>articles<\/strong>\u00a0ponctuels\u00a0sur le\u00a0Donziais\u00a0avant la R\u00e9volution, au travers de l&rsquo;histoire des sites (fiefs, ch\u00e2teaux) (<em>exemple<\/em> : <strong><a href=\"http:\/\/www.terres-et-seigneurs-en-donziais.fr\/?p=80\" target=\"_blank\" rel=\"noopener\">les Granges \u00e0 Suilly-la-Tour<\/a><\/strong>) et\u00a0des personnages plus ou moins c\u00e9l\u00e8bres qui y ont v\u00e9cu ou les ont d\u00e9tenus. Il s&rsquo;int\u00e9resse aussi aux\u00a0abbayes qui leur \u00e9taient li\u00e9es et qui sont pour la plupart\u00a0en ruines. \u00a0Au travers de cette approche \u00ab\u00a0terrienne\u00a0\u00bb, il dresse le portrait\u00a0des principales lign\u00e9es f\u00e9odales qui ont marqu\u00e9 cette r\u00e9gion, int\u00e9gr\u00e9e au Nivernais, mais rest\u00e9e diff\u00e9rente.<\/span><\/span><\/p>\n<p style=\"text-align: justify;\"><span style=\"font-size: 16px;\"><span style=\"font-family: arial,helvetica,sans-serif;\">Ces articles sont class\u00e9s par <strong>cat\u00e9gories<\/strong>\u00a0(type, sous-r\u00e9gion, ch\u00e2tellenie, commune, d\u00e9partement), affich\u00e9es en t\u00eate. G<\/span><\/span><span style=\"font-family: arial, helvetica, sans-serif; font-size: medium;\"><span style=\"line-height: 25px;\">r\u00e2ce aux <strong>titres<\/strong> et \u00e0 des <strong>mots-clefs<\/strong>\u00a0(affich\u00e9s \u00e9galement), ils sont accessibles par \u00a0les moteurs de recherche\u00a0et par\u00a0<strong>l&rsquo;outil de recherche<\/strong> du site. Des liens sont \u00e9tablis pour approfondir des recherches en\u00a0passant\u00a0d&rsquo;une page \u00e0 l&rsquo;autre. Des listes exhaustives des sites \u00e9tudi\u00e9s, assorties de liens, sont \u00e9galement fournies par les pages de t\u00eate.<\/span><\/span><\/p>\n<p style=\"text-align: justify;\"><span style=\"font-family: arial, helvetica, sans-serif; font-size: medium;\"><span style=\"line-height: 25px;\">De nombreux <strong>liens<\/strong> vers des sites documentaires, nationaux ou locaux sont propos\u00e9s (<em>exemple<\/em> : <strong><a href=\"http:\/\/cahiersduvaldebargis.free.fr\" target=\"_blank\" rel=\"noopener\">Cahiers du Val-de-Bargis<\/a><\/strong>).<\/span><\/span><\/p>\n<p style=\"text-align: justify;\"><span style=\"font-family: arial, helvetica, sans-serif; font-size: medium;\"><span style=\"line-height: 25px;\">Des <strong>notices<\/strong>\u00a0(<em>au format Pdf, exemple : <\/em><\/span><\/span><strong><span style=\"font-size: 16px;\"><a href=\"http:\/\/www.terres-et-seigneurs-en-donziais.fr\/wp-content\/uploads\/2015\/04\/Favray.pdf\" target=\"_blank\" rel=\"noopener\">Favray<\/a><\/span><\/strong><span style=\"font-family: arial, helvetica, sans-serif; font-size: medium;\"><span style=\"line-height: 25px;\"><em>)<\/em> sont souvent\u00a0attach\u00e9es aux articles\u00a0pour fournir des indications beaucoup plus d\u00e9taill\u00e9es, que vous pourrez t\u00e9l\u00e9charger et imprimer. Elles\u00a0ont vocation \u00e0 \u00eatre enrichies.<\/span><\/span><\/p>\n<p style=\"text-align: justify;\"><strong><u><span style=\"font-size: 16px;\"><span style=\"font-family: arial,helvetica,sans-serif;\">2 &#8211; Contenu<\/span><\/span><\/u><\/strong><\/p>\n<p style=\"text-align: justify;\"><span style=\"font-size: 16px;\"><span style=\"font-family: arial,helvetica,sans-serif;\">Le site traite du Donziais dans son acception ancienne, c&rsquo;est-\u00e0-dire du territoire de <strong><em>l&rsquo;ancienne baronnie de Donzy<\/em><\/strong>, relevant de l&rsquo;\u00e9v\u00eaque\u00a0d&rsquo;Auxerre,\u00a0\u00e0 cheval sur les d\u00e9partements actuels de la Ni\u00e8vre et de l&rsquo;Yonne.<\/span><\/span><\/p>\n<p style=\"text-align: justify;\"><span style=\"font-size: 16px;\"><span style=\"font-family: arial,helvetica,sans-serif;\">Il aborde son environnement f\u00e9odal : ev\u00each\u00e9 d&rsquo;Auxerre\u00a0;\u00a0comt\u00e9 de Nevers, auquel Donzy fut vite associ\u00e9, puis duch\u00e9 ;\u00a0grands fiefs voisins : baronnie de Saint-Verain, baronnie de Toucy\u00a0et Terre de Puisaye, comt\u00e9 de Gien, comt\u00e9 de Sancerre, seigneurie de Courtenay.<\/span><\/span><\/p>\n<p style=\"text-align: justify;\"><span style=\"font-size: 16px;\"><span style=\"font-family: arial,helvetica,sans-serif;\">Ce territoire \u00e9tait\u00a0divis\u00e9 en ch\u00e2tellenies, auxquelles les fiefs \u00e9taient rattach\u00e9s. La baronnie comprenait \u00e0 l&rsquo;origine les ch\u00e2tellenies de Donzy, Cosne, Entrains, Etais, Corvol-l&rsquo;Orgueilleux et Billy (r\u00e9unies) ; celles de Druyes, Saint-Sauveur et Chatel-Censoir, lui furent ensuite adjointes. Une page pour chacune d&rsquo;elle &#8211; dans\u00a0le menu d\u00e9roulant\u00a0&#8211;\u00a0fournit la liste des sites \u00e9tudi\u00e9s (ex. : <strong><a href=\"http:\/\/www.terres-et-seigneurs-en-donziais.fr\/?page_id=712\" target=\"_blank\" rel=\"noopener\">ch\u00e2tellenie de Donzy<\/a><\/strong>). Le site traite \u00e9galement des fiefs de la ch\u00e2tellenie de Chateauneuf-Val-de-Bargis, dont l&rsquo;appartenance au Donziais fut discut\u00e9e mais finalement reconnue par le Parlement de Paris. Il aborde aussi ceux de la baronnie de Saint-Verain, qui devint une ch\u00e2tellenie rattach\u00e9e \u00e0 Donzy apr\u00e8s sa disparition comme fief autonome au XV\u00e8me si\u00e8cle.<\/span><\/span><\/p>\n<p style=\"text-align: justify;\"><strong><u><span style=\"font-size: 16px;\"><span style=\"font-family: arial,helvetica,sans-serif;\">3 &#8211; Contributions<\/span><\/span><\/u><\/strong><\/p>\n<p style=\"text-align: justify;\"><span style=\"font-size: 14pt;\">Nous livrons l&rsquo;\u00e9tat actuel, bien imparfait, de nos connaissances, dans des pr\u00e9sentations qui ont vocation \u00e0 \u00eatre mises \u00e0 jour ou corrig\u00e9es (r\u00e9visions mentionn\u00e9es et dat\u00e9es sur les notices).\u00a0Un espace de <strong><em>commentaire<\/em><\/strong> vous est propos\u00e9 \u00e0 chaque page ou article, pour\u00a0vous permettre d&rsquo;exprimer vos remarques, critiques et suggestions.<\/span><\/p>\n<p style=\"text-align: justify;\"><span style=\"font-size: 14pt;\"><span style=\"color: #008000;\"><em><strong>Je m&rsquo;engage \u00e0 en tenir le plus grand compte &#8211;\u00a0car les donn\u00e9es propos\u00e9es sont\u00a0incompl\u00e8tes et peuvent \u00eatre\u00a0involontairement erronn\u00e9es\u00a0&#8211; et\u00a0\u00e0 vous r\u00e9pondre syst\u00e9matiquement. Visons ensemble une am\u00e9lioration permanente&#8230;.<\/strong><\/em><\/span><\/span><\/p>\n<p>____________<\/p>\n<p><span style=\"font-size: 12pt; color: #333333;\"><strong>10 D\u00e9cembre 2021 :<\/strong><\/span><\/p>\n<p><span style=\"font-size: 12pt; color: #333333;\"><strong>J&rsquo;ai \u00e9labor\u00e9 une synth\u00e8se des recherches effectu\u00e9es pour documenter ce site. Elle propose un d\u00e9veloppement chronologique et des approches th\u00e9matiques, pour \u00e9clairer l\u2019histoire de la f\u00e9odalit\u00e9 en Donziais en la reliant aux \u00e9tapes de la grande Histoire. Elle est maintenant disponible sous la forme d&rsquo;un livre (10 d\u00e9cembre 2021).<\/strong><\/span><\/p>\n<p style=\"text-align: center;\"><a href=\"http:\/\/www.terres-et-seigneurs-en-donziais.fr\/wp-content\/uploads\/2021\/12\/41osbUP3kVL._SX348_BO1204203200_.jpg\"><img decoding=\"async\" loading=\"lazy\" class=\"alignnone size-medium wp-image-7600\" src=\"http:\/\/www.terres-et-seigneurs-en-donziais.fr\/wp-content\/uploads\/2021\/12\/41osbUP3kVL._SX348_BO1204203200_-210x300.jpg\" alt=\"\" width=\"210\" height=\"300\" \/><\/a><\/p>\n<p><strong><span style=\"color: #333333;\">Il est disponible dans une \u00e9dition broch\u00e9e (335 pp.), avec petites illustrations en couleur, appareil de notes et bibliographie, au prix de 20,99 \u20ac (+ port, livraison en quelques jours\u2026.)<\/span><\/strong><\/p>\n<p><strong style=\"color: #333333;\">Vous pouvez vous le procurer sur Amazon <\/strong><i style=\"color: #333333;\">(livres, entr\u00e9e par le titre ou par l\u2019auteur) <\/i><strong>ou directement en\u00a0<span style=\"color: #333333;\"><span style=\"caret-color: #333333;\">cliquant<\/span><\/span>\u00a0sur le lien ci-dessous :<\/strong><\/p>\n<p style=\"text-align: center;\"><a href=\"https:\/\/www.amazon.fr\/Terres-seigneurs-Donziais-baronnie-R\u00e9volution\/dp\/B09MYTNTPG\" target=\"_blank\" rel=\"noopener\"><span style=\"color: #993300;\"><em><strong><span style=\"font-size: 14pt;\">\u00ab\u00a0TERRES ET SEIGNEURS EN DONZIAIS &#8211; La baronnie de Donzy des origines \u00e0 la R\u00e9volution \u00ab\u00a0<\/span><\/strong><\/em><\/span><\/a><\/p>\n<p><span style=\"color: #333333;\"><strong>Merci de votre attention, de votre soutien et \u2026bonne lecture\u00a0!<\/strong><\/span><\/p>\n<p style=\"text-align: right;\"><strong><span style=\"font-size: 14pt;\">Didier CHABROL<\/span><\/strong><\/p>\n<p style=\"text-align: justify;\"><a href=\"http:\/\/www.terres-et-seigneurs-en-donziais.fr\/wp-content\/uploads\/2015\/09\/D-enlumin\u00e9-e1443770692908.jpeg\"><img decoding=\"async\" loading=\"lazy\" class=\"alignnone size-full wp-image-1748\" src=\"http:\/\/www.terres-et-seigneurs-en-donziais.fr\/wp-content\/uploads\/2015\/09\/D-enlumin\u00e9-e1443770692908.jpeg\" alt=\"D enlumin\u00e9\" width=\"80\" height=\"80\" \/><\/a><\/p>\n<p style=\"text-align: justify;\">\n","protected":false},"excerpt":{"rendered":"<p>(Illustration : \u00ab\u00a0Le labour nivernais\u00a0\u00bb par Rosa Bonheur, 1889, Mus\u00e9e d&rsquo;Orsay) __________________________ Bonjour, et bienvenue sur ce site. J&rsquo;esp\u00e9re qu&rsquo;il vous int\u00e9ressera et que vous y apporterez votre contribution&#8230; En retraite apr\u00e8s une longue carri\u00e8re administrative, j&rsquo;ai ouvert ce blog en octobre 2015. Je suis passionn\u00e9 d&rsquo;histoire\u00a0m\u00e9di\u00e9vale, familier de la r\u00e9gion de Donzy d&rsquo;o\u00f9 une &hellip; <a href=\"http:\/\/www.terres-et-seigneurs-en-donziais.fr\/?page_id=8\" class=\"more-link\">Continuer la lecture de <span class=\"screen-reader-text\">A PROPOS DU SITE&#8230;<\/span> <span class=\"meta-nav\">&rarr;<\/span><\/a><\/p>\n","protected":false},"author":1,"featured_media":43,"parent":0,"menu_order":1,"comment_status":"open","ping_status":"closed","template":"","meta":[],"_links":{"self":[{"href":"http:\/\/www.terres-et-seigneurs-en-donziais.fr\/index.php?rest_route=\/wp\/v2\/pages\/8"}],"collection":[{"href":"http:\/\/www.terres-et-seigneurs-en-donziais.fr\/index.php?rest_route=\/wp\/v2\/pages"}],"about":[{"href":"http:\/\/www.terres-et-seigneurs-en-donziais.fr\/index.php?rest_route=\/wp\/v2\/types\/page"}],"author":[{"embeddable":true,"href":"http:\/\/www.terres-et-seigneurs-en-donziais.fr\/index.php?rest_route=\/wp\/v2\/users\/1"}],"replies":[{"embeddable":true,"href":"http:\/\/www.terres-et-seigneurs-en-donziais.fr\/index.php?rest_route=%2Fwp%2Fv2%2Fcomments&post=8"}],"version-history":[{"count":70,"href":"http:\/\/www.terres-et-seigneurs-en-donziais.fr\/index.php?rest_route=\/wp\/v2\/pages\/8\/revisions"}],"predecessor-version":[{"id":8341,"href":"http:\/\/www.terres-et-seigneurs-en-donziais.fr\/index.php?rest_route=\/wp\/v2\/pages\/8\/revisions\/8341"}],"wp:featuredmedia":[{"embeddable":true,"href":"http:\/\/www.terres-et-seigneurs-en-donziais.fr\/index.php?rest_route=\/wp\/v2\/media\/43"}],"wp:attachment":[{"href":"http:\/\/www.terres-et-seigneurs-en-donziais.fr\/index.php?rest_route=%2Fwp%2Fv2%2Fmedia&parent=8"}],"curies":[{"name":"wp","href":"https:\/\/api.w.org\/{rel}","templated":true}]}}